{"id":9064,"date":"2025-12-07T21:20:40","date_gmt":"2025-12-07T21:20:40","guid":{"rendered":"https:\/\/elmenytarpecs.hu\/?page_id=9064"},"modified":"2025-12-07T21:22:25","modified_gmt":"2025-12-07T21:22:25","slug":"traumatudatos-segites","status":"publish","type":"page","link":"https:\/\/elmenytarpecs.hu\/en\/traumatudatos-segites\/","title":{"rendered":"Trauma-informed care"},"content":{"rendered":"<div data-elementor-type=\"wp-page\" data-elementor-id=\"9064\" class=\"elementor elementor-9064\" data-elementor-post-type=\"page\">\n\t\t\t\t<div class=\"elementor-element elementor-element-582597e e-flex e-con-boxed e-con e-parent\" data-id=\"582597e\" data-element_type=\"container\">\n\t\t\t\t\t<div class=\"e-con-inner\">\n\t\t<div class=\"elementor-element elementor-element-1e19a13 e-con-full e-flex e-con e-child\" data-id=\"1e19a13\" data-element_type=\"container\">\n\t\t\t\t<div class=\"elementor-element elementor-element-0a0d939 elementor-widget elementor-widget-heading\" data-id=\"0a0d939\" data-element_type=\"widget\" data-widget_type=\"heading.default\">\n\t\t\t\t<div class=\"elementor-widget-container\">\n\t\t\t\t\t<h2 class=\"elementor-heading-title elementor-size-default\">Gener\u00e1ci\u00f3s traum\u00e1k<\/h2>\t\t\t\t<\/div>\n\t\t\t\t<\/div>\n\t\t\t\t<div class=\"elementor-element elementor-element-ca9fbeb elementor-widget elementor-widget-text-editor\" data-id=\"ca9fbeb\" data-element_type=\"widget\" data-widget_type=\"text-editor.default\">\n\t\t\t\t<div class=\"elementor-widget-container\">\n\t\t\t\t\t\t\t\t\t<p>Az \u00c9lm\u00e9ny T\u00e1rban v\u00e9gzett munk\u00e1nk sor\u00e1n sajnos gyakran tal\u00e1lkozunk a \u201ch\u00e9tk\u00f6znapi\u201d (ha lehet \u00edgy mondani) traum\u00e1kkal. A hozz\u00e1nk j\u00e1r\u00f3 gyerekek sz\u00fclei val\u00f3sz\u00edn\u0171leg m\u00e1r gener\u00e1ci\u00f3k \u00f3ta hordozz\u00e1k magukkal a s\u00e9r\u00fcl\u00e9seket, rossz mint\u00e1zatokat, amik miatt a n\u00e9gy fal k\u00f6z\u00f6tt \u00e9s n\u00e9ha a ny\u00edlt utc\u00e1n is gyakoriak a csal\u00e1di veszeked\u00e9sek, amelyek alkalmank\u00e9nt tettlegess\u00e9gig is fajulnak. Sajnos sok esetben az iskolai k\u00f6rnyezet is traumatiz\u00e1lja a gyerekeket, tov\u00e1bb m\u00e9ly\u00edti a otthon szerzett sebeiket, p\u00e9ld\u00e1ul az iskolai szegreg\u00e1ci\u00f3 negat\u00edv gyakorlat\u00e1val felv\u00e9rtezve. A hozz\u00e1nk j\u00e1r\u00f3 gyerekek sz\u00fclei szint\u00e9n hordoznak ilyen jelleg\u0171 s\u00e9r\u00fcl\u00e9seket. Szervezet\u00fcnk azt az \u00e1ll\u00e1spontot k\u00e9pviseli, hogy az iskolai szegreg\u00e1ci\u00f3 gyakorlata negat\u00edvan hat azokra, akik elszenvedik azt \u00e9s ez\u00e9rt a szegreg\u00e1lt (homog\u00e9n \u00f6sszet\u00e9tel\u0171) oszt\u00e1lyokban tanul\u00f3 di\u00e1kok rossz \u00f6nbecs\u00fcl\u00e9ssel rendelkeznek. A negat\u00edv \u00e9nk\u00e9p, rossz \u00f6nbecs\u00fcl\u00e9s \u00e9s az otthonr\u00f3l hozott mint\u00e1k miatt a h\u00e1tr\u00e1nyos helyzet\u0171 kamasz l\u00e1nyok sokkal gyakrabban v\u00e1llnak p\u00e1rkapcsolati er\u0151szak \u00e1ldozataiv\u00e1, illetve fokozottabban vannak kit\u00e9ve ennek a vesz\u00e9lynek.<\/p>\t\t\t\t\t\t\t\t<\/div>\n\t\t\t\t<\/div>\n\t\t\t\t<\/div>\n\t\t<div class=\"elementor-element elementor-element-3309ff1 e-con-full e-flex e-con e-child\" data-id=\"3309ff1\" data-element_type=\"container\">\n\t\t\t\t<div class=\"elementor-element elementor-element-cb6e19a elementor-widget elementor-widget-image\" data-id=\"cb6e19a\" data-element_type=\"widget\" data-widget_type=\"image.default\">\n\t\t\t\t<div class=\"elementor-widget-container\">\n\t\t\t\t\t\t\t\t\t\t\t\t\t\t\t<img fetchpriority=\"high\" decoding=\"async\" width=\"1024\" height=\"1024\" src=\"https:\/\/elmenytarpecs.hu\/wp-content\/uploads\/2025\/12\/373547275_822683096529116_5993340331250764598_n-1024x1024.jpg\" class=\"attachment-large size-large wp-image-9066\" alt=\"\" srcset=\"https:\/\/elmenytarpecs.hu\/wp-content\/uploads\/2025\/12\/373547275_822683096529116_5993340331250764598_n-1024x1024.jpg 1024w, https:\/\/elmenytarpecs.hu\/wp-content\/uploads\/2025\/12\/373547275_822683096529116_5993340331250764598_n-300x300.jpg 300w, https:\/\/elmenytarpecs.hu\/wp-content\/uploads\/2025\/12\/373547275_822683096529116_5993340331250764598_n-150x150.jpg 150w, https:\/\/elmenytarpecs.hu\/wp-content\/uploads\/2025\/12\/373547275_822683096529116_5993340331250764598_n-768x768.jpg 768w, https:\/\/elmenytarpecs.hu\/wp-content\/uploads\/2025\/12\/373547275_822683096529116_5993340331250764598_n-12x12.jpg 12w, https:\/\/elmenytarpecs.hu\/wp-content\/uploads\/2025\/12\/373547275_822683096529116_5993340331250764598_n-600x600.jpg 600w, https:\/\/elmenytarpecs.hu\/wp-content\/uploads\/2025\/12\/373547275_822683096529116_5993340331250764598_n-100x100.jpg 100w, https:\/\/elmenytarpecs.hu\/wp-content\/uploads\/2025\/12\/373547275_822683096529116_5993340331250764598_n.jpg 1512w\" sizes=\"(max-width: 1024px) 100vw, 1024px\" \/>\t\t\t\t\t\t\t\t\t\t\t\t\t\t\t<\/div>\n\t\t\t\t<\/div>\n\t\t\t\t<\/div>\n\t\t\t\t\t<\/div>\n\t\t\t\t<\/div>\n\t\t<div class=\"elementor-element elementor-element-577a8d0 e-flex e-con-boxed e-con e-parent\" data-id=\"577a8d0\" data-element_type=\"container\">\n\t\t\t\t\t<div class=\"e-con-inner\">\n\t\t<div class=\"elementor-element elementor-element-9c0e8fb e-con-full e-flex e-con e-child\" data-id=\"9c0e8fb\" data-element_type=\"container\">\n\t\t\t\t<div class=\"elementor-element elementor-element-22a7e1b elementor-widget elementor-widget-image\" data-id=\"22a7e1b\" data-element_type=\"widget\" data-widget_type=\"image.default\">\n\t\t\t\t<div class=\"elementor-widget-container\">\n\t\t\t\t\t\t\t\t\t\t\t\t\t\t\t<img decoding=\"async\" width=\"612\" height=\"407\" src=\"https:\/\/elmenytarpecs.hu\/wp-content\/uploads\/2025\/12\/istockphoto-157608876-612x612-1.jpg\" class=\"attachment-large size-large wp-image-9067\" alt=\"\" srcset=\"https:\/\/elmenytarpecs.hu\/wp-content\/uploads\/2025\/12\/istockphoto-157608876-612x612-1.jpg 612w, https:\/\/elmenytarpecs.hu\/wp-content\/uploads\/2025\/12\/istockphoto-157608876-612x612-1-300x200.jpg 300w, https:\/\/elmenytarpecs.hu\/wp-content\/uploads\/2025\/12\/istockphoto-157608876-612x612-1-18x12.jpg 18w, https:\/\/elmenytarpecs.hu\/wp-content\/uploads\/2025\/12\/istockphoto-157608876-612x612-1-600x399.jpg 600w\" sizes=\"(max-width: 612px) 100vw, 612px\" \/>\t\t\t\t\t\t\t\t\t\t\t\t\t\t\t<\/div>\n\t\t\t\t<\/div>\n\t\t\t\t<\/div>\n\t\t<div class=\"elementor-element elementor-element-b524e8b e-con-full e-flex e-con e-child\" data-id=\"b524e8b\" data-element_type=\"container\">\n\t\t\t\t<div class=\"elementor-element elementor-element-269f177 elementor-widget elementor-widget-heading\" data-id=\"269f177\" data-element_type=\"widget\" data-widget_type=\"heading.default\">\n\t\t\t\t<div class=\"elementor-widget-container\">\n\t\t\t\t\t<h2 class=\"elementor-heading-title elementor-size-default\">Traumatudatos seg\u00edt\u0151i attit\u0171d elsaj\u00e1t\u00edt\u00e1sa - 30 \u00f3r\u00e1s akkredit\u00e1lt k\u00e9pz\u00e9s szoci\u00e1lis szakemberek sz\u00e1m\u00e1ra<\/h2>\t\t\t\t<\/div>\n\t\t\t\t<\/div>\n\t\t\t\t<div class=\"elementor-element elementor-element-01e7787 elementor-widget elementor-widget-text-editor\" data-id=\"01e7787\" data-element_type=\"widget\" data-widget_type=\"text-editor.default\">\n\t\t\t\t<div class=\"elementor-widget-container\">\n\t\t\t\t\t\t\t\t\t<p>A trauma sokf\u00e9lek\u00e9ppen hat az emberekre; kiterjedhet az \u00e9rzelmi, fizikai, kognit\u00edv, valamint t\u00e1rsas k\u00e9szs\u00e9geikre egyar\u00e1nt. \u00c9rzelmi t\u00e9ren gyakori a szorong\u00e1s \u00e9s f\u00e9lelem, amely ak\u00e1r irracion\u00e1lis, konkr\u00e9t dolgokhoz vagy helyzetekhez k\u00f6t\u0151d\u0151 reakci\u00f3kat is kiv\u00e1lthat, ezen fel\u00fcl sok \u00e9rintett k\u00fczd hangulatingadoz\u00e1sokkal, ingerl\u00e9kenys\u00e9ggel, vagy \u00e9ppen \u00e9rzelmi elz\u00e1rk\u00f3z\u00e1ssal, amikor k\u00e9ptelenek meg\u00e9lni a pozit\u00edv \u00e9rzelmeket. Fizikai szinten a test \u00e1lland\u00f3 k\u00e9szenl\u00e9ti \u00e1llapotba ker\u00fclhet, ami olyan stresszhez k\u00f6t\u0151d\u0151 t\u00fcneteket eredm\u00e9nyez, mint az izomfesz\u00fclts\u00e9g, heves sz\u00edvver\u00e9s, fejf\u00e1j\u00e1s, em\u00e9szt\u00e9si probl\u00e9m\u00e1k, valamint tart\u00f3s f\u00e1radts\u00e1g \u00e9s kimer\u00fclts\u00e9g. Olyan ez, mintha az \u00e9rintettek sosem lenn\u00e9nek teljesen kipihentek. Az alv\u00e1szavarok, r\u00e9m\u00e1lmok \u00e9s az \u00fajra meg \u00fajra visszat\u00e9r\u0151 traumatikus \u00e1lmok szint\u00e9n gyakoriak. Kognit\u00edv hat\u00e1sok k\u00f6z\u00f6tt megjelenhet a koncentr\u00e1ci\u00f3 \u00e9s figyelem cs\u00f6kken\u00e9se, amikor az \u00e9rintettek k\u00e9ptelenek hosszabb ideig egy dologra \u00f6sszpontos\u00edtani, hiszen a trauma k\u00f6vetkezt\u00e9ben elkalandozik a figyelm\u00fck.<\/p>\t\t\t\t\t\t\t\t<\/div>\n\t\t\t\t<\/div>\n\t\t\t\t<\/div>\n\t\t\t\t\t<\/div>\n\t\t\t\t<\/div>\n\t\t<div class=\"elementor-element elementor-element-29a78ec e-flex e-con-boxed e-con e-parent\" data-id=\"29a78ec\" data-element_type=\"container\">\n\t\t\t\t\t<div class=\"e-con-inner\">\n\t\t<div class=\"elementor-element elementor-element-90f1301 e-con-full e-flex e-con e-child\" data-id=\"90f1301\" data-element_type=\"container\">\n\t\t\t\t<div class=\"elementor-element elementor-element-becc520 elementor-widget elementor-widget-heading\" data-id=\"becc520\" data-element_type=\"widget\" data-widget_type=\"heading.default\">\n\t\t\t\t<div class=\"elementor-widget-container\">\n\t\t\t\t\t<h2 class=\"elementor-heading-title elementor-size-default\">Hat\u00e9kony reakci\u00f3<\/h2>\t\t\t\t<\/div>\n\t\t\t\t<\/div>\n\t\t\t\t<div class=\"elementor-element elementor-element-dc183a3 elementor-widget elementor-widget-text-editor\" data-id=\"dc183a3\" data-element_type=\"widget\" data-widget_type=\"text-editor.default\">\n\t\t\t\t<div class=\"elementor-widget-container\">\n\t\t\t\t\t\t\t\t\t<p>A traumatudatos szeml\u00e9let alapelvei seg\u00edtenek abban, hogy a seg\u00edt\u0151k \u00e9rz\u00e9kenyen \u00e9s t\u00e1mogat\u00f3an reag\u00e1ljanak a traumatiz\u00e1lt szem\u00e9lyek sz\u00fcks\u00e9gleteire. Ennek a megk\u00f6zel\u00edt\u00e9snek a legfontosabb elemei: a biztons\u00e1g megteremt\u00e9se, az empatikus jelenl\u00e9t, az auton\u00f3mia tiszteletben tart\u00e1sa, valamint a k\u00f6z\u00f6ss\u00e9gi t\u00e1mogat\u00e1s. <br \/>Az \u00c9lm\u00e9nylel\u0151 Ifj\u00fas\u00e1gi Egyes\u00fclet <em>Nem vagy egyed\u00fcl! traumapedag\u00f3gia \u00e9s kapcsolati er\u0151szak prevenci\u00f3 a szoci\u00e1lis munk\u00e1ban <\/em>c\u00edm\u0171 30 \u00f3r\u00e1s akkredit\u00e1lt k\u00e9pz\u00e9se sor\u00e1n a r\u00e9sztvev\u0151k elm\u00e9ly\u00fclhetnek ezekben az alapelvekben, \u00e9s olyan gyakorlati eszk\u00f6z\u00f6ket saj\u00e1t\u00edthatnak el, amelyekkel hat\u00e9konyan t\u00e1mogathatj\u00e1k a klienseket a gy\u00f3gyul\u00e1s \u00fatj\u00e1n, mindv\u00e9gig tiszteletben tartva az egy\u00e9n sz\u00fcks\u00e9gleteit \u00e9s hat\u00e1rait. <br \/>A modulok l\u00e9p\u00e9sr\u0151l l\u00e9p\u00e9sre vezetik v\u00e9gig a r\u00e9sztvev\u0151ket a traumatudatos szeml\u00e9let alapjain, a gyakorlati k\u00e9szs\u00e9geken \u00e9s a seg\u00edt\u0151i munka sor\u00e1n alkalmazhat\u00f3 technik\u00e1kon. <br \/><br \/>A k\u00e9pz\u00e9s a k\u00f6vetkez\u0151 modulokat tartalmazza:<\/p><ol><li>a trauma alapjai<\/li><li>\u00a0er\u0151szak \u00e9s trauma t\u00e1rsadalmi \u00f6sszef\u00fcgg\u00e9sei<\/li><li>PTSD \u00e9s a gyermekek sz\u00fcks\u00e9gletei<\/li><li>test\u00e9rzet \u00e9s \u00e9rzelemkezel\u00e9si technik\u00e1k<\/li><li>kommunik\u00e1ci\u00f3s \u00e9s emp\u00e1tiak\u00f6zpont\u00fa technik\u00e1k<\/li><li>\u00f6nismeret, a seg\u00edt\u0151k t\u00e1mogat\u00e1sa.<\/li><\/ol>\t\t\t\t\t\t\t\t<\/div>\n\t\t\t\t<\/div>\n\t\t\t\t<\/div>\n\t\t<div class=\"elementor-element elementor-element-c80ddc0 e-con-full e-flex e-con e-child\" data-id=\"c80ddc0\" data-element_type=\"container\">\n\t\t\t\t<div class=\"elementor-element elementor-element-6ac13e7 elementor-widget elementor-widget-image\" data-id=\"6ac13e7\" data-element_type=\"widget\" data-widget_type=\"image.default\">\n\t\t\t\t<div class=\"elementor-widget-container\">\n\t\t\t\t\t\t\t\t\t\t\t\t\t\t\t<img decoding=\"async\" width=\"612\" height=\"433\" src=\"https:\/\/elmenytarpecs.hu\/wp-content\/uploads\/2025\/12\/istockphoto-1284292647-612x612-1.jpg\" class=\"attachment-large size-large wp-image-9068\" alt=\"\" srcset=\"https:\/\/elmenytarpecs.hu\/wp-content\/uploads\/2025\/12\/istockphoto-1284292647-612x612-1.jpg 612w, https:\/\/elmenytarpecs.hu\/wp-content\/uploads\/2025\/12\/istockphoto-1284292647-612x612-1-300x212.jpg 300w, https:\/\/elmenytarpecs.hu\/wp-content\/uploads\/2025\/12\/istockphoto-1284292647-612x612-1-18x12.jpg 18w, https:\/\/elmenytarpecs.hu\/wp-content\/uploads\/2025\/12\/istockphoto-1284292647-612x612-1-600x425.jpg 600w\" sizes=\"(max-width: 612px) 100vw, 612px\" \/>\t\t\t\t\t\t\t\t\t\t\t\t\t\t\t<\/div>\n\t\t\t\t<\/div>\n\t\t\t\t<\/div>\n\t\t\t\t\t<\/div>\n\t\t\t\t<\/div>\n\t\t\t\t<\/div>","protected":false},"excerpt":{"rendered":"<p>Gener\u00e1ci\u00f3s traum\u00e1k Az \u00c9lm\u00e9ny T\u00e1rban v\u00e9gzett munk\u00e1nk sor\u00e1n sajnos gyakran tal\u00e1lkozunk a \u201ch\u00e9tk\u00f6znapi\u201d (ha lehet \u00edgy mondani) traum\u00e1kkal. A hozz\u00e1nk j\u00e1r\u00f3 gyerekek sz\u00fclei val\u00f3sz\u00edn\u0171leg m\u00e1r gener\u00e1ci\u00f3k \u00f3ta hordozz\u00e1k magukkal a s\u00e9r\u00fcl\u00e9seket, rossz mint\u00e1zatokat, amik miatt a n\u00e9gy fal k\u00f6z\u00f6tt \u00e9s n\u00e9ha a ny\u00edlt utc\u00e1n is gyakoriak a csal\u00e1di veszeked\u00e9sek, amelyek alkalmank\u00e9nt tettlegess\u00e9gig is fajulnak. Sajnos [&hellip;]<\/p>","protected":false},"author":1,"featured_media":0,"parent":0,"menu_order":0,"comment_status":"closed","ping_status":"closed","template":"","meta":{"site-sidebar-layout":"no-sidebar","site-content-layout":"page-builder","ast-site-content-layout":"full-width-container","site-content-style":"default","site-sidebar-style":"default","ast-global-header-display":"","ast-banner-title-visibility":"","ast-main-header-display":"","ast-hfb-above-header-display":"","ast-hfb-below-header-display":"","ast-hfb-mobile-header-display":"","site-post-title":"disabled","ast-breadcrumbs-content":"","ast-featured-img":"disabled","footer-sml-layout":"","ast-disable-related-posts":"","theme-transparent-header-meta":"","adv-header-id-meta":"","stick-header-meta":"","header-above-stick-meta":"","header-main-stick-meta":"","header-below-stick-meta":"","astra-migrate-meta-layouts":"set","ast-page-background-enabled":"default","ast-page-background-meta":{"desktop":{"background-color":"","background-image":"","background-repeat":"repeat","background-position":"center center","background-size":"auto","background-attachment":"scroll","background-type":"","background-media":"","overlay-type":"","overlay-color":"","overlay-opacity":"","overlay-gradient":""},"tablet":{"background-color":"","background-image":"","background-repeat":"repeat","background-position":"center center","background-size":"auto","background-attachment":"scroll","background-type":"","background-media":"","overlay-type":"","overlay-color":"","overlay-opacity":"","overlay-gradient":""},"mobile":{"background-color":"","background-image":"","background-repeat":"repeat","background-position":"center center","background-size":"auto","background-attachment":"scroll","background-type":"","background-media":"","overlay-type":"","overlay-color":"","overlay-opacity":"","overlay-gradient":""}},"ast-content-background-meta":{"desktop":{"background-color":"var(--ast-global-color-5)","background-image":"","background-repeat":"repeat","background-position":"center center","background-size":"auto","background-attachment":"scroll","background-type":"","background-media":"","overlay-type":"","overlay-color":"","overlay-opacity":"","overlay-gradient":""},"tablet":{"background-color":"var(--ast-global-color-5)","background-image":"","background-repeat":"repeat","background-position":"center center","background-size":"auto","background-attachment":"scroll","background-type":"","background-media":"","overlay-type":"","overlay-color":"","overlay-opacity":"","overlay-gradient":""},"mobile":{"background-color":"var(--ast-global-color-5)","background-image":"","background-repeat":"repeat","background-position":"center center","background-size":"auto","background-attachment":"scroll","background-type":"","background-media":"","overlay-type":"","overlay-color":"","overlay-opacity":"","overlay-gradient":""}},"footnotes":""},"class_list":["post-9064","page","type-page","status-publish","hentry"],"_links":{"self":[{"href":"https:\/\/elmenytarpecs.hu\/en\/wp-json\/wp\/v2\/pages\/9064","targetHints":{"allow":["GET"]}}],"collection":[{"href":"https:\/\/elmenytarpecs.hu\/en\/wp-json\/wp\/v2\/pages"}],"about":[{"href":"https:\/\/elmenytarpecs.hu\/en\/wp-json\/wp\/v2\/types\/page"}],"author":[{"embeddable":true,"href":"https:\/\/elmenytarpecs.hu\/en\/wp-json\/wp\/v2\/users\/1"}],"replies":[{"embeddable":true,"href":"https:\/\/elmenytarpecs.hu\/en\/wp-json\/wp\/v2\/comments?post=9064"}],"version-history":[{"count":4,"href":"https:\/\/elmenytarpecs.hu\/en\/wp-json\/wp\/v2\/pages\/9064\/revisions"}],"predecessor-version":[{"id":9071,"href":"https:\/\/elmenytarpecs.hu\/en\/wp-json\/wp\/v2\/pages\/9064\/revisions\/9071"}],"wp:attachment":[{"href":"https:\/\/elmenytarpecs.hu\/en\/wp-json\/wp\/v2\/media?parent=9064"}],"curies":[{"name":"wp","href":"https:\/\/api.w.org\/{rel}","templated":true}]}}