{"id":9057,"date":"2025-12-07T20:59:40","date_gmt":"2025-12-07T20:59:40","guid":{"rendered":"https:\/\/elmenytarpecs.hu\/?page_id=9057"},"modified":"2025-12-07T21:03:44","modified_gmt":"2025-12-07T21:03:44","slug":"vitakultura-fejlesztese","status":"publish","type":"page","link":"https:\/\/elmenytarpecs.hu\/en\/vitakultura-fejlesztese\/","title":{"rendered":"Developing a culture of debate"},"content":{"rendered":"<div data-elementor-type=\"wp-page\" data-elementor-id=\"9057\" class=\"elementor elementor-9057\" data-elementor-post-type=\"page\">\n\t\t\t\t<div class=\"elementor-element elementor-element-4ec59f3 e-flex e-con-boxed e-con e-parent\" data-id=\"4ec59f3\" data-element_type=\"container\">\n\t\t\t\t\t<div class=\"e-con-inner\">\n\t\t<div class=\"elementor-element elementor-element-6c78f68 e-con-full e-flex e-con e-child\" data-id=\"6c78f68\" data-element_type=\"container\">\n\t\t\t\t<div class=\"elementor-element elementor-element-eea6f47 elementor-widget elementor-widget-heading\" data-id=\"eea6f47\" data-element_type=\"widget\" data-widget_type=\"heading.default\">\n\t\t\t\t<div class=\"elementor-widget-container\">\n\t\t\t\t\t<h2 class=\"elementor-heading-title elementor-size-default\">Developing a culture of debate\n<\/h2>\t\t\t\t<\/div>\n\t\t\t\t<\/div>\n\t\t\t\t<div class=\"elementor-element elementor-element-83fc0d2 elementor-widget elementor-widget-text-editor\" data-id=\"83fc0d2\" data-element_type=\"widget\" data-widget_type=\"text-editor.default\">\n\t\t\t\t<div class=\"elementor-widget-container\">\n\t\t\t\t\t\t\t\t\t<p>Az \u00c9lm\u00e9ny T\u00e1rban gyakran szervez\u00fcnk a gyerekeknek porjekt alap\u00fa foglalkoz\u00e1sokat, amiket hossz\u00fa t\u00e1von k\u00fcl\u00f6n\u00f6sen hasznosnak tartunk, hiszen ezek \u00e1ltal m\u00e9lyebb \u00e9s tart\u00f3sabb gyakorlati tud\u00e1sra tesznek szert. A projektek sor\u00e1n fejl\u0151dik a probl\u00e9mamegold\u00f3 k\u00e9pess\u00e9g\u00fck, hiszen kih\u00edv\u00e1sokkal tal\u00e1lkoznak, amelyek kreat\u00edv \u00e9s logikus gondolkod\u00e1st ig\u00e9nyelnek. A k\u00f6z\u00f6s munka r\u00e9v\u00e9n a csapatmunk\u00e1t \u00e9s az egy\u00fcttm\u0171k\u00f6d\u00e9st is gyakorolj\u00e1k, megtanulva, hogyan ossz\u00e1k meg a feladatokat \u00e9s t\u00e1mogass\u00e1k egym\u00e1st.\u00a0<\/p>\t\t\t\t\t\t\t\t<\/div>\n\t\t\t\t<\/div>\n\t\t\t\t<\/div>\n\t\t<div class=\"elementor-element elementor-element-33de919 e-con-full e-flex e-con e-child\" data-id=\"33de919\" data-element_type=\"container\">\n\t\t\t\t<div class=\"elementor-element elementor-element-faad7f0 elementor-widget elementor-widget-image\" data-id=\"faad7f0\" data-element_type=\"widget\" data-widget_type=\"image.default\">\n\t\t\t\t<div class=\"elementor-widget-container\">\n\t\t\t\t\t\t\t\t\t\t\t\t\t\t\t<img fetchpriority=\"high\" decoding=\"async\" width=\"1024\" height=\"683\" src=\"https:\/\/elmenytarpecs.hu\/wp-content\/uploads\/2025\/12\/GG-2239-1536x1024-1-1024x683.jpg\" class=\"attachment-large size-large wp-image-9059\" alt=\"\" srcset=\"https:\/\/elmenytarpecs.hu\/wp-content\/uploads\/2025\/12\/GG-2239-1536x1024-1-1024x683.jpg 1024w, https:\/\/elmenytarpecs.hu\/wp-content\/uploads\/2025\/12\/GG-2239-1536x1024-1-300x200.jpg 300w, https:\/\/elmenytarpecs.hu\/wp-content\/uploads\/2025\/12\/GG-2239-1536x1024-1-768x512.jpg 768w, https:\/\/elmenytarpecs.hu\/wp-content\/uploads\/2025\/12\/GG-2239-1536x1024-1-18x12.jpg 18w, https:\/\/elmenytarpecs.hu\/wp-content\/uploads\/2025\/12\/GG-2239-1536x1024-1-600x400.jpg 600w, https:\/\/elmenytarpecs.hu\/wp-content\/uploads\/2025\/12\/GG-2239-1536x1024-1.jpg 1536w\" sizes=\"(max-width: 1024px) 100vw, 1024px\" \/>\t\t\t\t\t\t\t\t\t\t\t\t\t\t\t<\/div>\n\t\t\t\t<\/div>\n\t\t\t\t<\/div>\n\t\t\t\t\t<\/div>\n\t\t\t\t<\/div>\n\t\t<div class=\"elementor-element elementor-element-1be9d00 e-flex e-con-boxed e-con e-parent\" data-id=\"1be9d00\" data-element_type=\"container\">\n\t\t\t\t\t<div class=\"e-con-inner\">\n\t\t<div class=\"elementor-element elementor-element-2ef249d e-con-full e-flex e-con e-child\" data-id=\"2ef249d\" data-element_type=\"container\">\n\t\t\t\t<div class=\"elementor-element elementor-element-7cb1ba2 elementor-widget elementor-widget-text-editor\" data-id=\"7cb1ba2\" data-element_type=\"widget\" data-widget_type=\"text-editor.default\">\n\t\t\t\t<div class=\"elementor-widget-container\">\n\t\t\t\t\t\t\t\t\t<p>Ezen k\u00edv\u00fcl a projektek \u00f6n\u00e1ll\u00f3s\u00e1gra \u00e9s felel\u0151ss\u00e9gv\u00e1llal\u00e1sra nevelik \u0151ket, mivel saj\u00e1t d\u00f6nt\u00e9seket hoznak, \u00e9s felelnek a saj\u00e1t feladataik\u00e9rt. Ezen ter\u00fcletek folyamatos fejleszt\u00e9se teszi lehet\u0151v\u00e9, hogy demokratikus m\u0171k\u00f6d\u00e9s\u0171 szervezetk\u00e9nt hivatkozhassunk magunkra, ahol a gyerekek \u00e9s feln\u0151ttek k\u00f6z\u00f6tti egyik legfontosabb \u00e9rt\u00e9k a partners\u00e9g. Ehhez viszont elengedhetetlen, hogy a gyerekek is ki tudj\u00e1k fejezni a v\u00e9lem\u00e9ny\u00fcket, \u00e9s megtanulj\u00e1k azt \u00e9rvekkel al\u00e1t\u00e1masztani. A vitakult\u00fara fejleszt\u00e9se ebben kulcsszerepet j\u00e1tszik, hiszen lehet\u0151s\u00e9get ad nekik, hogy gyakorolj\u00e1k az \u00e9rvel\u00e9st, meghallgass\u00e1k m\u00e1sok n\u00e9z\u0151pontj\u00e1t, \u00e9s konstrukt\u00edv m\u00f3don vitatkozzanak, s felel\u0151sen vegyenek r\u00e9szt a k\u00f6z\u00f6s d\u00f6nt\u00e9sekben.<br \/><br \/><\/p>\t\t\t\t\t\t\t\t<\/div>\n\t\t\t\t<\/div>\n\t\t\t\t<\/div>\n\t\t<div class=\"elementor-element elementor-element-1a64b05 e-con-full e-flex e-con e-child\" data-id=\"1a64b05\" data-element_type=\"container\">\n\t\t\t\t<div class=\"elementor-element elementor-element-f6b3341 elementor-widget elementor-widget-text-editor\" data-id=\"f6b3341\" data-element_type=\"widget\" data-widget_type=\"text-editor.default\">\n\t\t\t\t<div class=\"elementor-widget-container\">\n\t\t\t\t\t\t\t\t\t<p>2022-ben csatlakoztunk a<a href=\"https:\/\/i-dia.org\/egy-hajoban-evezunk\/\"> Demokratikus Ifj\u00fas\u00e1g\u00e9rt Alap\u00edtv\u00e1ny \u201cEgy haj\u00f3ban evez\u00fcnk\u201d \u2013 k\u00f6z\u00f6ss\u00e9gi vitaklubokkal a demokr\u00e1ci\u00e1\u00e9rt<\/a> c\u00edm\u0171 projektj\u00e9hez. \u201c<i>A k\u00f6z\u00f6ss\u00e9gi vitaklubok c\u00e9lja a 11 \u00e9s 30 \u00e9v k\u00f6z\u00f6tti fiatalok helyzetbehoz\u00e1sa, <\/i><i>a helyi szint\u0171 szerepv\u00e1llal\u00e1suk t\u00e1mogat\u00e1sa, a szoci\u00e1lis k\u00e9szs\u00e9gfejleszt\u00e9s \u00e9s attit\u0171dv\u00e1ltoz\u00e1s az akt\u00edv \u00e1llampolg\u00e1rs\u00e1g tekintet\u00e9ben.\u201d\u00a0 <\/i>A kezdetekben szervezet\u00fcnk a fiatalok kommunik\u00e1ci\u00f3s \u00e9s \u00e9rvel\u00e9si k\u00e9szs\u00e9g\u00e9nek fejleszt\u00e9s\u00e9t, valamint a kritikus gondolkod\u00e1s er\u0151s\u00edt\u00e9s\u00e9t tartotta els\u0151dlegesnek. Ezeket az alapokat elsaj\u00edtatva ma azonban m\u00e1r mi is a helyi szint\u0171 szerepv\u00e1llal\u00e1sra \u00f6szt\u00f6n\u00f6zz\u00fck \u0151ket.<\/p>\t\t\t\t\t\t\t\t<\/div>\n\t\t\t\t<\/div>\n\t\t\t\t<\/div>\n\t\t\t\t\t<\/div>\n\t\t\t\t<\/div>\n\t\t<div class=\"elementor-element elementor-element-d4c8833 e-flex e-con-boxed e-con e-parent\" data-id=\"d4c8833\" data-element_type=\"container\">\n\t\t\t\t\t<div class=\"e-con-inner\">\n\t\t\t\t<div class=\"elementor-element elementor-element-06644f3 elementor-widget elementor-widget-image\" data-id=\"06644f3\" data-element_type=\"widget\" data-widget_type=\"image.default\">\n\t\t\t\t<div class=\"elementor-widget-container\">\n\t\t\t\t\t\t\t\t\t\t\t\t\t\t\t<img decoding=\"async\" width=\"1024\" height=\"683\" src=\"https:\/\/elmenytarpecs.hu\/wp-content\/uploads\/2025\/12\/GG-2254-1536x1024-1-1024x683.jpg\" class=\"attachment-large size-large wp-image-9060\" alt=\"\" srcset=\"https:\/\/elmenytarpecs.hu\/wp-content\/uploads\/2025\/12\/GG-2254-1536x1024-1-1024x683.jpg 1024w, https:\/\/elmenytarpecs.hu\/wp-content\/uploads\/2025\/12\/GG-2254-1536x1024-1-300x200.jpg 300w, https:\/\/elmenytarpecs.hu\/wp-content\/uploads\/2025\/12\/GG-2254-1536x1024-1-768x512.jpg 768w, https:\/\/elmenytarpecs.hu\/wp-content\/uploads\/2025\/12\/GG-2254-1536x1024-1-18x12.jpg 18w, https:\/\/elmenytarpecs.hu\/wp-content\/uploads\/2025\/12\/GG-2254-1536x1024-1-600x400.jpg 600w, https:\/\/elmenytarpecs.hu\/wp-content\/uploads\/2025\/12\/GG-2254-1536x1024-1.jpg 1536w\" sizes=\"(max-width: 1024px) 100vw, 1024px\" \/>\t\t\t\t\t\t\t\t\t\t\t\t\t\t\t<\/div>\n\t\t\t\t<\/div>\n\t\t\t\t\t<\/div>\n\t\t\t\t<\/div>\n\t\t<div class=\"elementor-element elementor-element-c63d587 e-flex e-con-boxed e-con e-parent\" data-id=\"c63d587\" data-element_type=\"container\">\n\t\t\t\t\t<div class=\"e-con-inner\">\n\t\t\t\t<div class=\"elementor-element elementor-element-02827f8 elementor-widget elementor-widget-text-editor\" data-id=\"02827f8\" data-element_type=\"widget\" data-widget_type=\"text-editor.default\">\n\t\t\t\t<div class=\"elementor-widget-container\">\n\t\t\t\t\t\t\t\t\t<p>Az \u00c9lm\u00e9ny T\u00e1r vitaklub vezet\u0151je S\u00fct\u0151 Ram\u00f3na, s a csoportot pedig 8 lelkes fels\u0151 tagozatos di\u00e1k alkotja. A r\u00e9sztvev\u0151k havi k\u00e9t alkalommal tal\u00e1lkoznak, s olyan t\u00e9m\u00e1k k\u00f6r\u00fcl mozgol\u00f3dnak, amik aktu\u00e1lisan \u00e9rdeklik az \u00e9lm\u00e9ny t\u00e1ras k\u00f6z\u00f6ss\u00e9get. Legyen ez az uzsonna alapanyaga, a nap v\u00e9gi k\u00f6z\u00f6s takar\u00edt\u00e1s megreform\u00e1l\u00e1sa vagy \u00e9ppen valamilyen az iskol\u00e1jukban zajl\u00f3 \u00fcgy. A foglalkoz\u00e1saink \u00e1ltal\u00e1ban ugyanarra a s\u00e9m\u00e1ra \u00e9p\u00fclnek fel, mindig r\u00e1hangol\u00f3d\u00e1ssal kezd\u0151dnek, majd z\u00e1r\u00e1ssal fejez\u0151dnek be, hogy a r\u00e9sztvev\u0151k megfelel\u0151 keretet kapjanak a vit\u00e1hoz. A tartalmi r\u00e9szben egy el\u0151re meghat\u00e1rozott t\u00e9ma k\u00f6r\u00e9 szervezz\u00fck a struktur\u00e1lt vitaform\u00e1kat, amik k\u00f6z\u00fcl m\u00e1r nagyon sokat kipr\u00f3b\u00e1ltunk (p\u00e1ros, k\u00e9tsarkos, n\u00e9gysarkos vita, k\u00e9pviseleti kooperativ vita, kerekasztal vita). A gyakorlatok k\u00f6z\u00f6tt nem csak a vitatkoz\u00e1s jelenik meg, hiszen fontosnak tartjuk, hogy a k\u00f6z\u00f6ss\u00e9gi vitaklubunk a DIA \u00e1ltal meghat\u00e1rozott mind a n\u00e9gy alapter\u00fcletet \u00e9rintse, ak\u00e1r egy-egy foglalkoz\u00e1son bel\u00fcl, ak\u00e1r k\u00fcl\u00f6n-k\u00fcl\u00f6n alkalmakon. Ahhoz, hogy a <b>vita a gyakorlatban<\/b>megjelenjen \u00e9s alkalmazhassuk az el\u0151bb felsorolt vitaform\u00e1kat, sz\u00fcks\u00e9g van <b>a vita alapjai<\/b>nak megismer\u00e9s\u00e9re, p\u00e9ld\u00e1ul, hogy hogyan \u00e1ll \u00f6ssze az \u00e9rvk\u00e9plet, vagy hogy milyen egy j\u00f3 k\u00e9rd\u00e9s. Mindezek pedig nem m\u0171k\u00f6dn\u00e9nek a <b>vitak\u00e9szs\u00e9gek<\/b> n\u00e9lk\u00fcl, mert nem is olyan mag\u00e1t\u00f3l \u00e9rtet\u0151d\u0151 hogy a nyilv\u00e1nos megsz\u00f3lal\u00e1s sor\u00e1n hogyan haszn\u00e1lod a hangs\u00falyoz\u00e1st, hogy mit fejez ki a testbesz\u00e9ded. Ahhoz, hogy ezeket a gyerekek gyakorolni tudj\u00e1k, sz\u00fcks\u00e9g van egy biztons\u00e1gos \u00e9s elfogad\u00f3 t\u00e9rre. A <b>vitaklub csapata <\/b>k\u00f6z\u00f6sen fekteti le a kereteket \u00e9s a szab\u00e1lyokat, s a facilit\u00e1tor arra is \u00fcgyel, hogy mindenf\u00e9le csapat\u00e9p\u00edt\u0151 j\u00e1t\u00e9kokkal fenntartsa a k\u00f6z\u00f6ss\u00e9get \u00e9s a biztons\u00e1got, valamint abban is seg\u00edt, hogy a csoport k\u00f6z\u00f6sen megalkossa a saj\u00e1t identit\u00e1s\u00e1t.<\/p><p>\u00a0<\/p><p>A DIA folyamatos t\u00e1mogat\u00e1st ny\u00fajt a vitaklub facilit\u00e1toroknak, mentor\u00e1l\u00e1si lehet\u0151s\u00e9get biztos\u00edtanak, ahol\u00a0 ahol tapasztalt szakemberek seg\u00edtik a facilit\u00e1torok munk\u00e1j\u00e1t, szem\u00e9lyre szabott \u00fatmutat\u00e1st adva sz\u00e1mukra a vitaklubok hat\u00e9kony m\u0171k\u00f6dtet\u00e9s\u00e9hez. Emellett m\u00f3dszertani \u00e9s networking esem\u00e9nyeket is szerveznek, amelyek sor\u00e1n a facilit\u00e1torok megismerhetnek \u00faj m\u00f3dszereket, szakmai anyagokat, tapasztalatokat oszthatnak meg egym\u00e1ssal, \u00e9s kapcsolatokat \u00e9p\u00edthetnek a h\u00e1l\u00f3zat m\u00e1s tagjaival. Nem csak a facilit\u00e1torok kapnak ilyen klassz lehet\u0151s\u00e9geket, hanem a tagok is: m\u00e1r harmadszorra vett\u00fcnk r\u00e9szt az \u201cEgy haj\u00f3ban evez\u00fcnk\u201d ny\u00e1ri t\u00e1borban, valamint f\u00e9l\u00e9vente j\u00e1runk budapesti vagy region\u00e1lis vitaesem\u00e9nyekre is a gyerekekkel.<\/p><p>\u00a0Term\u00e9szetesen, mint minden projektben itt is akadnak n\u00e9ha neh\u00e9zs\u00e9gek. A legf\u0151bb kih\u00edv\u00e1st a fiatalok motiv\u00e1ci\u00f3j\u00e1nak folyamatos fenntart\u00e1sa, ami ig\u00e9nyli, hogy a facilit\u00e1tor naprak\u00e9sz legyen azokban a t\u00e9mak\u00f6r\u00f6kben, amik a r\u00e9sztvev\u0151ket \u00e9rdekli, valamint m\u00f3dszertanilag is t\u00e1j\u00e9kozott legyen, s megfelel\u0151 gyakorlatot tudjon kapcsolni egy-egy t\u00e9m\u00e1hoz. Ezen k\u00edv\u00fcl a k\u00fcl\u00f6nb\u00f6z\u0151 h\u00e1tt\u00e9rrel rendelkez\u0151 r\u00e9sztvev\u0151k elt\u00e9r\u0151 szint\u0171 kommunik\u00e1ci\u00f3s \u00e9s vitak\u00e9szs\u00e9gei is kih\u00edv\u00e1st jelentettek. K\u00fcl\u00f6nb\u00f6z\u0151 tapasztalati szintekkel \u00e9rkez\u0151 fiatalok k\u00f6z\u00f6tt sokszor nehezen alakult ki a megfelel\u0151 dinamika. Mindezen kih\u00edv\u00e1sok lehet\u0151s\u00e9get adtak nek\u00fcnk a fejl\u0151d\u00e9sre, s ma m\u00e1r sz\u00e1mos vitaklubos elemt \u00e9p\u00edt\u00fcnk be m\u00e1s foglalkoz\u00e1sainkba is.<\/p><p>\u00a0Elk\u00f6telezettek vagyunk amellett, hogy a j\u00f6v\u0151ben is folytassuk ezt a fontos munk\u00e1t, \u00e9s tov\u00e1bbra is hozz\u00e1j\u00e1ruljunk a vitakult\u00fara fejl\u0151d\u00e9s\u00e9hez!<\/p>\t\t\t\t\t\t\t\t<\/div>\n\t\t\t\t<\/div>\n\t\t\t\t\t<\/div>\n\t\t\t\t<\/div>\n\t\t\t\t<\/div>","protected":false},"excerpt":{"rendered":"<p>Vitakult\u00fara fejleszt\u00e9se Az \u00c9lm\u00e9ny T\u00e1rban gyakran szervez\u00fcnk a gyerekeknek porjekt alap\u00fa foglalkoz\u00e1sokat, amiket hossz\u00fa t\u00e1von k\u00fcl\u00f6n\u00f6sen hasznosnak tartunk, hiszen ezek \u00e1ltal m\u00e9lyebb \u00e9s tart\u00f3sabb gyakorlati tud\u00e1sra tesznek szert. A projektek sor\u00e1n fejl\u0151dik a probl\u00e9mamegold\u00f3 k\u00e9pess\u00e9g\u00fck, hiszen kih\u00edv\u00e1sokkal tal\u00e1lkoznak, amelyek kreat\u00edv \u00e9s logikus gondolkod\u00e1st ig\u00e9nyelnek. A k\u00f6z\u00f6s munka r\u00e9v\u00e9n a csapatmunk\u00e1t \u00e9s az egy\u00fcttm\u0171k\u00f6d\u00e9st is gyakorolj\u00e1k, [&hellip;]<\/p>","protected":false},"author":1,"featured_media":0,"parent":0,"menu_order":0,"comment_status":"closed","ping_status":"closed","template":"","meta":{"site-sidebar-layout":"no-sidebar","site-content-layout":"page-builder","ast-site-content-layout":"full-width-container","site-content-style":"default","site-sidebar-style":"default","ast-global-header-display":"","ast-banner-title-visibility":"","ast-main-header-display":"","ast-hfb-above-header-display":"","ast-hfb-below-header-display":"","ast-hfb-mobile-header-display":"","site-post-title":"disabled","ast-breadcrumbs-content":"","ast-featured-img":"disabled","footer-sml-layout":"","ast-disable-related-posts":"","theme-transparent-header-meta":"","adv-header-id-meta":"","stick-header-meta":"","header-above-stick-meta":"","header-main-stick-meta":"","header-below-stick-meta":"","astra-migrate-meta-layouts":"set","ast-page-background-enabled":"default","ast-page-background-meta":{"desktop":{"background-color":"","background-image":"","background-repeat":"repeat","background-position":"center center","background-size":"auto","background-attachment":"scroll","background-type":"","background-media":"","overlay-type":"","overlay-color":"","overlay-opacity":"","overlay-gradient":""},"tablet":{"background-color":"","background-image":"","background-repeat":"repeat","background-position":"center center","background-size":"auto","background-attachment":"scroll","background-type":"","background-media":"","overlay-type":"","overlay-color":"","overlay-opacity":"","overlay-gradient":""},"mobile":{"background-color":"","background-image":"","background-repeat":"repeat","background-position":"center center","background-size":"auto","background-attachment":"scroll","background-type":"","background-media":"","overlay-type":"","overlay-color":"","overlay-opacity":"","overlay-gradient":""}},"ast-content-background-meta":{"desktop":{"background-color":"var(--ast-global-color-5)","background-image":"","background-repeat":"repeat","background-position":"center center","background-size":"auto","background-attachment":"scroll","background-type":"","background-media":"","overlay-type":"","overlay-color":"","overlay-opacity":"","overlay-gradient":""},"tablet":{"background-color":"var(--ast-global-color-5)","background-image":"","background-repeat":"repeat","background-position":"center center","background-size":"auto","background-attachment":"scroll","background-type":"","background-media":"","overlay-type":"","overlay-color":"","overlay-opacity":"","overlay-gradient":""},"mobile":{"background-color":"var(--ast-global-color-5)","background-image":"","background-repeat":"repeat","background-position":"center center","background-size":"auto","background-attachment":"scroll","background-type":"","background-media":"","overlay-type":"","overlay-color":"","overlay-opacity":"","overlay-gradient":""}},"footnotes":""},"class_list":["post-9057","page","type-page","status-publish","hentry"],"_links":{"self":[{"href":"https:\/\/elmenytarpecs.hu\/en\/wp-json\/wp\/v2\/pages\/9057","targetHints":{"allow":["GET"]}}],"collection":[{"href":"https:\/\/elmenytarpecs.hu\/en\/wp-json\/wp\/v2\/pages"}],"about":[{"href":"https:\/\/elmenytarpecs.hu\/en\/wp-json\/wp\/v2\/types\/page"}],"author":[{"embeddable":true,"href":"https:\/\/elmenytarpecs.hu\/en\/wp-json\/wp\/v2\/users\/1"}],"replies":[{"embeddable":true,"href":"https:\/\/elmenytarpecs.hu\/en\/wp-json\/wp\/v2\/comments?post=9057"}],"version-history":[{"count":4,"href":"https:\/\/elmenytarpecs.hu\/en\/wp-json\/wp\/v2\/pages\/9057\/revisions"}],"predecessor-version":[{"id":9063,"href":"https:\/\/elmenytarpecs.hu\/en\/wp-json\/wp\/v2\/pages\/9057\/revisions\/9063"}],"wp:attachment":[{"href":"https:\/\/elmenytarpecs.hu\/en\/wp-json\/wp\/v2\/media?parent=9057"}],"curies":[{"name":"wp","href":"https:\/\/api.w.org\/{rel}","templated":true}]}}